{"id":1412,"date":"2024-09-10T10:49:29","date_gmt":"2024-09-10T08:49:29","guid":{"rendered":"https:\/\/soy-event.com\/?page_id=1412"},"modified":"2026-04-26T21:46:37","modified_gmt":"2026-04-26T19:46:37","slug":"formation-community-management","status":"publish","type":"page","link":"https:\/\/soy-event.com\/index.php\/formation-community-management\/","title":{"rendered":"Formation Community Management"},"content":{"rendered":"\t\t<div data-elementor-type=\"wp-page\" data-elementor-id=\"1412\" class=\"elementor elementor-1412\" data-elementor-settings=\"[]\">\n\t\t\t\t\t\t\t<div class=\"elementor-section-wrap\">\n\t\t\t\t\t\t\t<section class=\"elementor-section elementor-top-section elementor-element elementor-element-3917e6a6 elementor-section-height-min-height elementor-section-boxed elementor-section-height-default elementor-section-items-middle\" data-id=\"3917e6a6\" data-element_type=\"section\" data-settings=\"{&quot;background_background&quot;:&quot;classic&quot;}\">\n\t\t\t\t\t\t\t<div class=\"elementor-background-overlay\"><\/div>\n\t\t\t\t\t\t\t<div class=\"elementor-container elementor-column-gap-no\">\n\t\t\t\t\t<div class=\"elementor-column elementor-col-100 elementor-top-column elementor-element elementor-element-1cd872bc\" data-id=\"1cd872bc\" data-element_type=\"column\">\n\t\t\t<div class=\"elementor-widget-wrap elementor-element-populated\">\n\t\t\t\t\t\t\t\t<div class=\"elementor-element elementor-element-5d435632 elementor-widget elementor-widget-heading\" data-id=\"5d435632\" data-element_type=\"widget\" data-widget_type=\"heading.default\">\n\t\t\t\t<div class=\"elementor-widget-container\">\n\t\t\t<style>\/*! elementor - v3.5.6 - 28-02-2022 *\/\n.elementor-heading-title{padding:0;margin:0;line-height:1}.elementor-widget-heading .elementor-heading-title[class*=elementor-size-]>a{color:inherit;font-size:inherit;line-height:inherit}.elementor-widget-heading .elementor-heading-title.elementor-size-small{font-size:15px}.elementor-widget-heading .elementor-heading-title.elementor-size-medium{font-size:19px}.elementor-widget-heading .elementor-heading-title.elementor-size-large{font-size:29px}.elementor-widget-heading .elementor-heading-title.elementor-size-xl{font-size:39px}.elementor-widget-heading .elementor-heading-title.elementor-size-xxl{font-size:59px}<\/style><h6 class=\"elementor-heading-title elementor-size-small\">\u2014 Des formations plus approfondies<\/h6>\t\t<\/div>\n\t\t\t\t<\/div>\n\t\t\t\t<div class=\"elementor-element elementor-element-d602f41 elementor-widget elementor-widget-heading\" data-id=\"d602f41\" data-element_type=\"widget\" data-widget_type=\"heading.default\">\n\t\t\t\t<div class=\"elementor-widget-container\">\n\t\t\t<h1 class=\"elementor-heading-title elementor-size-medium\">Nos formations traditionnelles<\/h1>\t\t<\/div>\n\t\t\t\t<\/div>\n\t\t\t\t\t<\/div>\n\t\t<\/div>\n\t\t\t\t\t\t\t<\/div>\n\t\t<\/section>\n\t\t\t\t<section class=\"elementor-section elementor-top-section elementor-element elementor-element-436b99fa elementor-section-boxed elementor-section-height-default elementor-section-height-default\" data-id=\"436b99fa\" data-element_type=\"section\">\n\t\t\t\t\t\t<div class=\"elementor-container elementor-column-gap-default\">\n\t\t\t\t\t<div class=\"elementor-column elementor-col-100 elementor-top-column elementor-element elementor-element-7736e2aa\" data-id=\"7736e2aa\" data-element_type=\"column\">\n\t\t\t<div class=\"elementor-widget-wrap elementor-element-populated\">\n\t\t\t\t\t\t\t\t<div class=\"elementor-element elementor-element-6bed0b7 elementor-widget elementor-widget-heading\" data-id=\"6bed0b7\" data-element_type=\"widget\" data-widget_type=\"heading.default\">\n\t\t\t\t<div class=\"elementor-widget-container\">\n\t\t\t<h2 class=\"elementor-heading-title elementor-size-medium\"><font color=\"#df327a\">[OFFRE DUO] D\u00e9velopper son activit\u00e9 avec le community management<\/font><\/h2>\t\t<\/div>\n\t\t\t\t<\/div>\n\t\t\t\t\t<\/div>\n\t\t<\/div>\n\t\t\t\t\t\t\t<\/div>\n\t\t<\/section>\n\t\t\t\t<section class=\"elementor-section elementor-top-section elementor-element elementor-element-43e76aee elementor-section-boxed elementor-section-height-default elementor-section-height-default\" data-id=\"43e76aee\" data-element_type=\"section\">\n\t\t\t\t\t\t<div class=\"elementor-container elementor-column-gap-default\">\n\t\t\t\t\t<div class=\"elementor-column elementor-col-33 elementor-top-column elementor-element elementor-element-1c22ccda\" data-id=\"1c22ccda\" data-element_type=\"column\">\n\t\t\t<div class=\"elementor-widget-wrap elementor-element-populated\">\n\t\t\t\t\t\t\t\t<div class=\"elementor-element elementor-element-478a1573 elementor-widget elementor-widget-toggle\" data-id=\"478a1573\" data-element_type=\"widget\" data-widget_type=\"toggle.default\">\n\t\t\t\t<div class=\"elementor-widget-container\">\n\t\t\t<style>\/*! elementor - v3.5.6 - 28-02-2022 *\/\n.elementor-toggle{text-align:left}.elementor-toggle .elementor-tab-title{font-weight:700;line-height:1;margin:0;padding:15px;border-bottom:1px solid #d4d4d4;cursor:pointer;outline:none}.elementor-toggle .elementor-tab-title .elementor-toggle-icon{display:inline-block;width:1em}.elementor-toggle .elementor-tab-title .elementor-toggle-icon svg{-webkit-margin-start:-5px;margin-inline-start:-5px;width:1em;height:1em}.elementor-toggle .elementor-tab-title .elementor-toggle-icon.elementor-toggle-icon-right{float:right;text-align:right}.elementor-toggle .elementor-tab-title .elementor-toggle-icon.elementor-toggle-icon-left{float:left;text-align:left}.elementor-toggle .elementor-tab-title .elementor-toggle-icon .elementor-toggle-icon-closed{display:block}.elementor-toggle .elementor-tab-title .elementor-toggle-icon .elementor-toggle-icon-opened{display:none}.elementor-toggle .elementor-tab-title.elementor-active{border-bottom:none}.elementor-toggle .elementor-tab-title.elementor-active .elementor-toggle-icon-closed{display:none}.elementor-toggle .elementor-tab-title.elementor-active .elementor-toggle-icon-opened{display:block}.elementor-toggle .elementor-tab-content{padding:15px;border-bottom:1px solid #d4d4d4;display:none}@media (max-width:767px){.elementor-toggle .elementor-tab-title{padding:12px}.elementor-toggle .elementor-tab-content{padding:12px 10px}}<\/style>\t\t<div class=\"elementor-toggle\" role=\"tablist\">\n\t\t\t\t\t\t\t<div class=\"elementor-toggle-item\">\n\t\t\t\t\t<div id=\"elementor-tab-title-1201\" class=\"elementor-tab-title\" data-tab=\"1\" role=\"tab\" aria-controls=\"elementor-tab-content-1201\" aria-expanded=\"false\">\n\t\t\t\t\t\t\t\t\t\t\t\t<span class=\"elementor-toggle-icon elementor-toggle-icon-left\" aria-hidden=\"true\">\n\t\t\t\t\t\t\t\t\t\t\t\t\t\t\t<span class=\"elementor-toggle-icon-closed\"><i class=\"fas fa-caret-right\"><\/i><\/span>\n\t\t\t\t\t\t\t\t<span class=\"elementor-toggle-icon-opened\"><i class=\"elementor-toggle-icon-opened fas fa-caret-up\"><\/i><\/span>\n\t\t\t\t\t\t\t\t\t\t\t\t\t<\/span>\n\t\t\t\t\t\t\t\t\t\t\t\t<a href=\"\" class=\"elementor-toggle-title\">Dur\u00e9e de la formation<\/a>\n\t\t\t\t\t<\/div>\n\n\t\t\t\t\t<div id=\"elementor-tab-content-1201\" class=\"elementor-tab-content elementor-clearfix\" data-tab=\"1\" role=\"tabpanel\" aria-labelledby=\"elementor-tab-title-1201\"><p>\u203a 3 jours, soit 21 heures de formation<\/p><\/div>\n\t\t\t\t<\/div>\n\t\t\t\t\t\t\t<div class=\"elementor-toggle-item\">\n\t\t\t\t\t<div id=\"elementor-tab-title-1202\" class=\"elementor-tab-title\" data-tab=\"2\" role=\"tab\" aria-controls=\"elementor-tab-content-1202\" aria-expanded=\"false\">\n\t\t\t\t\t\t\t\t\t\t\t\t<span class=\"elementor-toggle-icon elementor-toggle-icon-left\" aria-hidden=\"true\">\n\t\t\t\t\t\t\t\t\t\t\t\t\t\t\t<span class=\"elementor-toggle-icon-closed\"><i class=\"fas fa-caret-right\"><\/i><\/span>\n\t\t\t\t\t\t\t\t<span class=\"elementor-toggle-icon-opened\"><i class=\"elementor-toggle-icon-opened fas fa-caret-up\"><\/i><\/span>\n\t\t\t\t\t\t\t\t\t\t\t\t\t<\/span>\n\t\t\t\t\t\t\t\t\t\t\t\t<a href=\"\" class=\"elementor-toggle-title\">Sessions sur 2026<\/a>\n\t\t\t\t\t<\/div>\n\n\t\t\t\t\t<div id=\"elementor-tab-content-1202\" class=\"elementor-tab-content elementor-clearfix\" data-tab=\"2\" role=\"tabpanel\" aria-labelledby=\"elementor-tab-title-1202\"><p style=\"font-size: 16px; font-style: normal; font-weight: 400;\">\u203a Sessions<span style=\"font-size: 16px; font-style: normal; font-weight: 400;\"> \u00e0 d\u00e9finir selon nos disponibilit\u00e9s communes<\/span><\/p><\/div>\n\t\t\t\t<\/div>\n\t\t\t\t\t\t\t<div class=\"elementor-toggle-item\">\n\t\t\t\t\t<div id=\"elementor-tab-title-1203\" class=\"elementor-tab-title\" data-tab=\"3\" role=\"tab\" aria-controls=\"elementor-tab-content-1203\" aria-expanded=\"false\">\n\t\t\t\t\t\t\t\t\t\t\t\t<span class=\"elementor-toggle-icon elementor-toggle-icon-left\" aria-hidden=\"true\">\n\t\t\t\t\t\t\t\t\t\t\t\t\t\t\t<span class=\"elementor-toggle-icon-closed\"><i class=\"fas fa-caret-right\"><\/i><\/span>\n\t\t\t\t\t\t\t\t<span class=\"elementor-toggle-icon-opened\"><i class=\"elementor-toggle-icon-opened fas fa-caret-up\"><\/i><\/span>\n\t\t\t\t\t\t\t\t\t\t\t\t\t<\/span>\n\t\t\t\t\t\t\t\t\t\t\t\t<a href=\"\" class=\"elementor-toggle-title\">Horaires de formation<\/a>\n\t\t\t\t\t<\/div>\n\n\t\t\t\t\t<div id=\"elementor-tab-content-1203\" class=\"elementor-tab-content elementor-clearfix\" data-tab=\"3\" role=\"tabpanel\" aria-labelledby=\"elementor-tab-title-1203\"><p>\u203a de 9h00 \u00e0 12h30 \/\u00a013h30 \u00e0 17h00<\/p><\/div>\n\t\t\t\t<\/div>\n\t\t\t\t\t\t\t<div class=\"elementor-toggle-item\">\n\t\t\t\t\t<div id=\"elementor-tab-title-1204\" class=\"elementor-tab-title\" data-tab=\"4\" role=\"tab\" aria-controls=\"elementor-tab-content-1204\" aria-expanded=\"false\">\n\t\t\t\t\t\t\t\t\t\t\t\t<span class=\"elementor-toggle-icon elementor-toggle-icon-left\" aria-hidden=\"true\">\n\t\t\t\t\t\t\t\t\t\t\t\t\t\t\t<span class=\"elementor-toggle-icon-closed\"><i class=\"fas fa-caret-right\"><\/i><\/span>\n\t\t\t\t\t\t\t\t<span class=\"elementor-toggle-icon-opened\"><i class=\"elementor-toggle-icon-opened fas fa-caret-up\"><\/i><\/span>\n\t\t\t\t\t\t\t\t\t\t\t\t\t<\/span>\n\t\t\t\t\t\t\t\t\t\t\t\t<a href=\"\" class=\"elementor-toggle-title\">Lieu de la formation<\/a>\n\t\t\t\t\t<\/div>\n\n\t\t\t\t\t<div id=\"elementor-tab-content-1204\" class=\"elementor-tab-content elementor-clearfix\" data-tab=\"4\" role=\"tabpanel\" aria-labelledby=\"elementor-tab-title-1204\"><p><strong>\u203a En distanciel : <\/strong>sur un logiciel de visio-conf\u00e9rence adapt\u00e9, type Zoom<\/p><p><strong>\u203a Pr\u00e9sentiel possible <\/strong>(selon localisation)<\/p><\/div>\n\t\t\t\t<\/div>\n\t\t\t\t\t\t\t<div class=\"elementor-toggle-item\">\n\t\t\t\t\t<div id=\"elementor-tab-title-1205\" class=\"elementor-tab-title\" data-tab=\"5\" role=\"tab\" aria-controls=\"elementor-tab-content-1205\" aria-expanded=\"false\">\n\t\t\t\t\t\t\t\t\t\t\t\t<span class=\"elementor-toggle-icon elementor-toggle-icon-left\" aria-hidden=\"true\">\n\t\t\t\t\t\t\t\t\t\t\t\t\t\t\t<span class=\"elementor-toggle-icon-closed\"><i class=\"fas fa-caret-right\"><\/i><\/span>\n\t\t\t\t\t\t\t\t<span class=\"elementor-toggle-icon-opened\"><i class=\"elementor-toggle-icon-opened fas fa-caret-up\"><\/i><\/span>\n\t\t\t\t\t\t\t\t\t\t\t\t\t<\/span>\n\t\t\t\t\t\t\t\t\t\t\t\t<a href=\"\" class=\"elementor-toggle-title\">Tarif par apprenant<\/a>\n\t\t\t\t\t<\/div>\n\n\t\t\t\t\t<div id=\"elementor-tab-content-1205\" class=\"elementor-tab-content elementor-clearfix\" data-tab=\"5\" role=\"tabpanel\" aria-labelledby=\"elementor-tab-title-1205\"><p>\u203a 1 650 \u20ac net de TVA<\/p><\/div>\n\t\t\t\t<\/div>\n\t\t\t\t\t\t\t<div class=\"elementor-toggle-item\">\n\t\t\t\t\t<div id=\"elementor-tab-title-1206\" class=\"elementor-tab-title\" data-tab=\"6\" role=\"tab\" aria-controls=\"elementor-tab-content-1206\" aria-expanded=\"false\">\n\t\t\t\t\t\t\t\t\t\t\t\t<span class=\"elementor-toggle-icon elementor-toggle-icon-left\" aria-hidden=\"true\">\n\t\t\t\t\t\t\t\t\t\t\t\t\t\t\t<span class=\"elementor-toggle-icon-closed\"><i class=\"fas fa-caret-right\"><\/i><\/span>\n\t\t\t\t\t\t\t\t<span class=\"elementor-toggle-icon-opened\"><i class=\"elementor-toggle-icon-opened fas fa-caret-up\"><\/i><\/span>\n\t\t\t\t\t\t\t\t\t\t\t\t\t<\/span>\n\t\t\t\t\t\t\t\t\t\t\t\t<a href=\"\" class=\"elementor-toggle-title\">D\u00e9lais d'acc\u00e8s<\/a>\n\t\t\t\t\t<\/div>\n\n\t\t\t\t\t<div id=\"elementor-tab-content-1206\" class=\"elementor-tab-content elementor-clearfix\" data-tab=\"6\" role=\"tabpanel\" aria-labelledby=\"elementor-tab-title-1206\"><p>Nous nous engageons \u00e0 r\u00e9pondre en 48h \u00e0 toute demande d&rsquo;information<br \/>relative \u00e0 toute formation. Une fois le contact \u00e9tabli, nous envisagerons<br \/>conjointement la date la plus appropri\u00e9e en fonction de vos besoins et de<br \/>vos enjeux. Sauf cas particulier, la mise en place de la formation pourra<br \/>g\u00e9n\u00e9ralement se faire environ 2 semaines apr\u00e8s votre demande.<\/p><\/div>\n\t\t\t\t<\/div>\n\t\t\t\t\t\t\t\t<\/div>\n\t\t\t\t<\/div>\n\t\t\t\t<\/div>\n\t\t\t\t\t<\/div>\n\t\t<\/div>\n\t\t\t\t<div class=\"elementor-column elementor-col-66 elementor-top-column elementor-element elementor-element-4e0fcab1\" data-id=\"4e0fcab1\" data-element_type=\"column\">\n\t\t\t<div class=\"elementor-widget-wrap elementor-element-populated\">\n\t\t\t\t\t\t\t\t<div class=\"elementor-element elementor-element-b340634 elementor-widget elementor-widget-text-editor\" data-id=\"b340634\" data-element_type=\"widget\" data-widget_type=\"text-editor.default\">\n\t\t\t\t<div class=\"elementor-widget-container\">\n\t\t\t<style>\/*! elementor - v3.5.6 - 28-02-2022 *\/\n.elementor-widget-text-editor.elementor-drop-cap-view-stacked .elementor-drop-cap{background-color:#818a91;color:#fff}.elementor-widget-text-editor.elementor-drop-cap-view-framed .elementor-drop-cap{color:#818a91;border:3px solid;background-color:transparent}.elementor-widget-text-editor:not(.elementor-drop-cap-view-default) .elementor-drop-cap{margin-top:8px}.elementor-widget-text-editor:not(.elementor-drop-cap-view-default) .elementor-drop-cap-letter{width:1em;height:1em}.elementor-widget-text-editor .elementor-drop-cap{float:left;text-align:center;line-height:1;font-size:50px}.elementor-widget-text-editor .elementor-drop-cap-letter{display:inline-block}<\/style>\t\t\t\t<p>Vous avez l&rsquo;impression que publier sur vos r\u00e9seaux sociaux, c\u2019est un peu comme appeler vos ados \u00ab\u00a0A table !\u00a0\u00bb : <b>personne ne r\u00e9pond, tout le monde s\u2019en fout.<\/b><\/p><p><b>\u00a0<\/b><\/p><p>Votre audience stagne, votre taux d\u2019engagement est encore plus faible que celui d&rsquo;un Skyblog de nos jours&#8230;<\/p><p>\u00a0<\/p><p><b>STOP. <\/b> Il est temps d\u2019apprendre \u00e0 vraiment g\u00e9rer vos m\u00e9dias sociaux.<\/p><p>\u00a0<\/p><p><img decoding=\"async\" class=\"emoji\" role=\"img\" draggable=\"false\" src=\"https:\/\/s.w.org\/images\/core\/emoji\/17.0.2\/svg\/1f3af.svg\" alt=\"\ud83c\udfaf\" \/> <strong>ET SI VOUS APPRENIEZ \u00c0 DEUX ?<\/strong><\/p><p>Attrape ton meilleur pote de march\u00e9 de cr\u00e9ateurs, ton bin\u00f4me artisan pr\u00e9f\u00e9r\u00e9, <br \/>ou ce coll\u00e8gue avec qui tu partages tes gal\u00e8res Instagram.<br \/><b>Inscrivez-vous tous les 2 \u00e0 cette formation en duo.<\/b><\/p><p>\u00a0<\/p><p>Vous n&rsquo;\u00eates que 2 avec le formateur ? C&rsquo;est fait expr\u00e8s.<br \/>Accompagnement quasi-individuel, bonne humeur garantie, et surtout : vous avancez ensemble sur VOS projets r\u00e9els.<\/p><p>\u00a0<\/p><p>Vous voulez apprendre \u00e0 :<\/p><ul><li>D\u00e9finir une <b>strat\u00e9gie qui attire<\/b> les bonnes personnes, et pas uniquement tata Monique ?<\/li><li>Cr\u00e9er et animer vos r\u00e9seaux avec des <b>contenus engageants<\/b> et un <b>calendrier \u00e9ditorial<\/b> optimis\u00e9 ?<\/li><li>Ma\u00eetriser les <b>secrets des algorithmes<\/b> (plut\u00f4t que de les subir) ?<\/li><li>D\u00e9velopper votre<b> audience et votre communaut\u00e9<\/b> de mani\u00e8re naturelle ?<\/li><li>Transformer <b>vos abonn\u00e9s en clients<\/b>, et pas juste en spectateurs passifs ?<\/li><\/ul><p><b>En seulement 3 jours (en duo)<\/b>, arr\u00eatez d&rsquo;invoquer le hasard sur vos r\u00e9seaux et <b>mettez en place une strat\u00e9gie qui fonctionne.<\/b><\/p>\t\t\t\t\t\t<\/div>\n\t\t\t\t<\/div>\n\t\t\t\t<section class=\"elementor-section elementor-inner-section elementor-element elementor-element-e5022cc elementor-section-boxed elementor-section-height-default elementor-section-height-default\" data-id=\"e5022cc\" data-element_type=\"section\">\n\t\t\t\t\t\t<div class=\"elementor-container elementor-column-gap-default\">\n\t\t\t\t\t<div class=\"elementor-column elementor-col-100 elementor-inner-column elementor-element elementor-element-dc98f88\" data-id=\"dc98f88\" data-element_type=\"column\">\n\t\t\t<div class=\"elementor-widget-wrap elementor-element-populated\">\n\t\t\t\t\t\t\t\t<div class=\"elementor-element elementor-element-bb7b901 elementor-widget elementor-widget-text-editor\" data-id=\"bb7b901\" data-element_type=\"widget\" data-widget_type=\"text-editor.default\">\n\t\t\t\t<div class=\"elementor-widget-container\">\n\t\t\t\t\t\t\t<h5><b><span style=\"color: #df327a;\">Objectifs p\u00e9dagogiques de la formation<\/span><\/b><\/h5>\n<p>\u00c0 l\u2019issue de cette formation, vous serez capable de :<\/p><p><b><br><\/b>&#8211; Elaborer une <b>strat\u00e9gie de community management<\/b><\/p><p><b><br><\/b><\/p>\n<p>&#8211; Organiser l\u2019<b>application op\u00e9rationnelle<\/b> d\u2019un projet de community management<\/p><p><br><\/p>\n<p>&#8211; <b>Suivre et \u00e9valuer l\u2019impact<\/b> de ses actions de community management<\/p>\t\t\t\t\t\t<\/div>\n\t\t\t\t<\/div>\n\t\t\t\t\t<\/div>\n\t\t<\/div>\n\t\t\t\t\t\t\t<\/div>\n\t\t<\/section>\n\t\t\t\t<div class=\"elementor-element elementor-element-fd69c22 elementor-widget elementor-widget-text-editor\" data-id=\"fd69c22\" data-element_type=\"widget\" data-widget_type=\"text-editor.default\">\n\t\t\t\t<div class=\"elementor-widget-container\">\n\t\t\t\t\t\t\t<p><img decoding=\"async\" draggable=\"false\" role=\"img\" class=\"emoji\" alt=\"\ud83c\udfaf\" src=\"https:\/\/s.w.org\/images\/core\/emoji\/17.0.2\/svg\/1f3af.svg\"> <strong>FORMAT DE LA FORMATION<\/strong><\/p><p><strong><br><\/strong><\/p>\n<p><b>&#8211; 2 PERSONNES MAXIMUM<\/b><br>Vous venez en bin\u00f4me (ami cr\u00e9ateur, coll\u00e8gue artisan, partenaire&#8230;)<br>Accompagnement quasi-individuel garanti.<\/p><p><br><\/p>\n<p><b>&#8211; 3 JOURS SUR 1 MOIS<\/b><br>21 heures de formation concentr\u00e9e sur l&rsquo;essentiel.<br>On va vite, on va loin, on applique tout de suite.<\/p><p><br><\/p>\n<p><b>&#8211; DISTANCIEL OU PR\u00c9SENTIEL<\/b><br>Formation en distanciel (pr\u00e9sentiel possible selon localisation)<\/p><p><br><\/p>\n<p><b>&#8211; TRAVAIL SUR VOS PROJETS R\u00c9ELS<\/b><br>Pas de cas fictifs : on travaille sur VOTRE activit\u00e9, VOS produits, VOS r\u00e9seaux sociaux.<br>Vous repartez avec vos contenus cr\u00e9\u00e9s et votre strat\u00e9gie pos\u00e9e.<\/p>\t\t\t\t\t\t<\/div>\n\t\t\t\t<\/div>\n\t\t\t\t\t<\/div>\n\t\t<\/div>\n\t\t\t\t\t\t\t<\/div>\n\t\t<\/section>\n\t\t\t\t<section class=\"elementor-section elementor-top-section elementor-element elementor-element-361f658 elementor-section-boxed elementor-section-height-default elementor-section-height-default\" data-id=\"361f658\" data-element_type=\"section\">\n\t\t\t\t\t\t<div class=\"elementor-container elementor-column-gap-default\">\n\t\t\t\t\t<div class=\"elementor-column elementor-col-100 elementor-top-column elementor-element elementor-element-644d1907\" data-id=\"644d1907\" data-element_type=\"column\">\n\t\t\t<div class=\"elementor-widget-wrap elementor-element-populated\">\n\t\t\t\t\t\t\t\t<div class=\"elementor-element elementor-element-87232d2 elementor-align-center elementor-button-success elementor-widget elementor-widget-button\" data-id=\"87232d2\" data-element_type=\"widget\" data-widget_type=\"button.default\">\n\t\t\t\t<div class=\"elementor-widget-container\">\n\t\t\t\t\t<div class=\"elementor-button-wrapper\">\n\t\t\t<a href=\"https:\/\/soy-event.com\/wp-content\/uploads\/2026\/04\/DUO-01-Programme-Community-Management.pdf\" target=\"_blank\" class=\"elementor-button-link elementor-button elementor-size-sm\" role=\"button\">\n\t\t\t\t\t\t<span class=\"elementor-button-content-wrapper\">\n\t\t\t\t\t\t<span class=\"elementor-button-text\">T\u00e9l\u00e9chargez la pr\u00e9sentation et le programme<br>d\u00e9taill\u00e9 de la formation<\/span>\n\t\t<\/span>\n\t\t\t\t\t<\/a>\n\t\t<\/div>\n\t\t\t\t<\/div>\n\t\t\t\t<\/div>\n\t\t\t\t\t<\/div>\n\t\t<\/div>\n\t\t\t\t\t\t\t<\/div>\n\t\t<\/section>\n\t\t\t\t<section class=\"elementor-section elementor-top-section elementor-element elementor-element-2c9e0543 elementor-section-boxed elementor-section-height-default elementor-section-height-default\" data-id=\"2c9e0543\" data-element_type=\"section\">\n\t\t\t\t\t\t<div class=\"elementor-container elementor-column-gap-default\">\n\t\t\t\t\t<div class=\"elementor-column elementor-col-33 elementor-top-column elementor-element elementor-element-2e4f3349\" data-id=\"2e4f3349\" data-element_type=\"column\">\n\t\t\t<div class=\"elementor-widget-wrap elementor-element-populated\">\n\t\t\t\t\t\t\t\t<div class=\"elementor-element elementor-element-33061968 elementor-widget elementor-widget-image\" data-id=\"33061968\" data-element_type=\"widget\" data-widget_type=\"image.default\">\n\t\t\t\t<div class=\"elementor-widget-container\">\n\t\t\t<style>\/*! elementor - v3.5.6 - 28-02-2022 *\/\n.elementor-widget-image{text-align:center}.elementor-widget-image a{display:inline-block}.elementor-widget-image a img[src$=\".svg\"]{width:48px}.elementor-widget-image img{vertical-align:middle;display:inline-block}<\/style>\t\t\t\t\t\t\t\t\t\t\t\t<img loading=\"lazy\" decoding=\"async\" width=\"150\" height=\"150\" src=\"https:\/\/i0.wp.com\/soy-event.com\/wp-content\/uploads\/2022\/03\/offre_eligible_mcf_carre_fond_bleu_RVB.png?resize=150%2C150&amp;ssl=1\" class=\"attachment-thumbnail size-thumbnail\" alt=\"Logo Mon Compte Formation\" srcset=\"https:\/\/i0.wp.com\/soy-event.com\/wp-content\/uploads\/2022\/03\/offre_eligible_mcf_carre_fond_bleu_RVB.png?w=533&amp;ssl=1 533w, https:\/\/i0.wp.com\/soy-event.com\/wp-content\/uploads\/2022\/03\/offre_eligible_mcf_carre_fond_bleu_RVB.png?resize=300%2C300&amp;ssl=1 300w, https:\/\/i0.wp.com\/soy-event.com\/wp-content\/uploads\/2022\/03\/offre_eligible_mcf_carre_fond_bleu_RVB.png?resize=150%2C150&amp;ssl=1 150w\" sizes=\"auto, (max-width: 150px) 100vw, 150px\" \/>\t\t\t\t\t\t\t\t\t\t\t\t\t\t\t<\/div>\n\t\t\t\t<\/div>\n\t\t\t\t\t<\/div>\n\t\t<\/div>\n\t\t\t\t<div class=\"elementor-column elementor-col-66 elementor-top-column elementor-element elementor-element-1952f1bd\" data-id=\"1952f1bd\" data-element_type=\"column\">\n\t\t\t<div class=\"elementor-widget-wrap elementor-element-populated\">\n\t\t\t\t\t\t\t\t<div class=\"elementor-element elementor-element-268c9d36 elementor-widget elementor-widget-text-editor\" data-id=\"268c9d36\" data-element_type=\"widget\" data-widget_type=\"text-editor.default\">\n\t\t\t\t<div class=\"elementor-widget-container\">\n\t\t\t\t\t\t\t<p>Cette formation professionnelle de par son caract\u00e8re certifiant peut \u00eatre prise en charge par le CPF. Toute action ne rentrant pas dans le cadre de l\u2019article L6313-1 du code du travail ne rentre pas dans ce dispositif de prise en charge. .<\/p><p><a href=\"https:\/\/www.moncompteformation.gouv.fr\/espace-prive\/html\/#\/formation\/recherche\/85015250500010_CM\/85015250500010_CM-DUO-2026\" target=\"_blank\" rel=\"noopener\">Cliquez ici pour acc\u00e9der \u00e0 la page de la formation sur le site MonCompteFormation et vous inscrire via un financement par votre cr\u00e9dit CPF.<\/a><\/p>\t\t\t\t\t\t<\/div>\n\t\t\t\t<\/div>\n\t\t\t\t\t<\/div>\n\t\t<\/div>\n\t\t\t\t\t\t\t<\/div>\n\t\t<\/section>\n\t\t\t\t<section class=\"elementor-section elementor-top-section elementor-element elementor-element-9c71f59 elementor-section-boxed elementor-section-height-default elementor-section-height-default\" data-id=\"9c71f59\" data-element_type=\"section\">\n\t\t\t\t\t\t<div class=\"elementor-container elementor-column-gap-default\">\n\t\t\t\t\t<div class=\"elementor-column elementor-col-100 elementor-top-column elementor-element elementor-element-5d9336f\" data-id=\"5d9336f\" data-element_type=\"column\">\n\t\t\t<div class=\"elementor-widget-wrap elementor-element-populated\">\n\t\t\t\t\t\t\t\t<div class=\"elementor-element elementor-element-a64dd26 elementor-widget-divider--view-line elementor-widget elementor-widget-divider\" data-id=\"a64dd26\" data-element_type=\"widget\" data-widget_type=\"divider.default\">\n\t\t\t\t<div class=\"elementor-widget-container\">\n\t\t\t<style>\/*! elementor - v3.5.6 - 28-02-2022 *\/\n.elementor-widget-divider{--divider-border-style:none;--divider-border-width:1px;--divider-color:#2c2c2c;--divider-icon-size:20px;--divider-element-spacing:10px;--divider-pattern-height:24px;--divider-pattern-size:20px;--divider-pattern-url:none;--divider-pattern-repeat:repeat-x}.elementor-widget-divider .elementor-divider{display:-webkit-box;display:-ms-flexbox;display:flex}.elementor-widget-divider .elementor-divider__text{font-size:15px;line-height:1;max-width:95%}.elementor-widget-divider .elementor-divider__element{margin:0 var(--divider-element-spacing);-ms-flex-negative:0;flex-shrink:0}.elementor-widget-divider .elementor-icon{font-size:var(--divider-icon-size)}.elementor-widget-divider .elementor-divider-separator{display:-webkit-box;display:-ms-flexbox;display:flex;margin:0;direction:ltr}.elementor-widget-divider--view-line_icon .elementor-divider-separator,.elementor-widget-divider--view-line_text .elementor-divider-separator{-webkit-box-align:center;-ms-flex-align:center;align-items:center}.elementor-widget-divider--view-line_icon .elementor-divider-separator:after,.elementor-widget-divider--view-line_icon .elementor-divider-separator:before,.elementor-widget-divider--view-line_text .elementor-divider-separator:after,.elementor-widget-divider--view-line_text .elementor-divider-separator:before{display:block;content:\"\";border-bottom:0;-webkit-box-flex:1;-ms-flex-positive:1;flex-grow:1;border-top:var(--divider-border-width) var(--divider-border-style) var(--divider-color)}.elementor-widget-divider--element-align-left .elementor-divider .elementor-divider-separator>.elementor-divider__svg:first-of-type{-webkit-box-flex:0;-ms-flex-positive:0;flex-grow:0;-ms-flex-negative:100;flex-shrink:100}.elementor-widget-divider--element-align-left .elementor-divider-separator:before{content:none}.elementor-widget-divider--element-align-left .elementor-divider__element{margin-left:0}.elementor-widget-divider--element-align-right .elementor-divider .elementor-divider-separator>.elementor-divider__svg:last-of-type{-webkit-box-flex:0;-ms-flex-positive:0;flex-grow:0;-ms-flex-negative:100;flex-shrink:100}.elementor-widget-divider--element-align-right .elementor-divider-separator:after{content:none}.elementor-widget-divider--element-align-right .elementor-divider__element{margin-right:0}.elementor-widget-divider:not(.elementor-widget-divider--view-line_text):not(.elementor-widget-divider--view-line_icon) .elementor-divider-separator{border-top:var(--divider-border-width) var(--divider-border-style) var(--divider-color)}.elementor-widget-divider--separator-type-pattern{--divider-border-style:none}.elementor-widget-divider--separator-type-pattern.elementor-widget-divider--view-line .elementor-divider-separator,.elementor-widget-divider--separator-type-pattern:not(.elementor-widget-divider--view-line) .elementor-divider-separator:after,.elementor-widget-divider--separator-type-pattern:not(.elementor-widget-divider--view-line) .elementor-divider-separator:before,.elementor-widget-divider--separator-type-pattern:not([class*=elementor-widget-divider--view]) .elementor-divider-separator{width:100%;min-height:var(--divider-pattern-height);-webkit-mask-size:var(--divider-pattern-size) 100%;mask-size:var(--divider-pattern-size) 100%;-webkit-mask-repeat:var(--divider-pattern-repeat);mask-repeat:var(--divider-pattern-repeat);background-color:var(--divider-color);-webkit-mask-image:var(--divider-pattern-url);mask-image:var(--divider-pattern-url)}.elementor-widget-divider--no-spacing{--divider-pattern-size:auto}.elementor-widget-divider--bg-round{--divider-pattern-repeat:round}.rtl .elementor-widget-divider .elementor-divider__text{direction:rtl}<\/style>\t\t<div class=\"elementor-divider\">\n\t\t\t<span class=\"elementor-divider-separator\">\n\t\t\t\t\t\t<\/span>\n\t\t<\/div>\n\t\t\t\t<\/div>\n\t\t\t\t<\/div>\n\t\t\t\t\t<\/div>\n\t\t<\/div>\n\t\t\t\t\t\t\t<\/div>\n\t\t<\/section>\n\t\t\t\t<section class=\"elementor-section elementor-top-section elementor-element elementor-element-badc198 elementor-section-boxed elementor-section-height-default elementor-section-height-default\" data-id=\"badc198\" data-element_type=\"section\">\n\t\t\t\t\t\t<div class=\"elementor-container elementor-column-gap-default\">\n\t\t\t\t\t<div class=\"elementor-column elementor-col-100 elementor-top-column elementor-element elementor-element-b5cf3f7\" data-id=\"b5cf3f7\" data-element_type=\"column\">\n\t\t\t<div class=\"elementor-widget-wrap elementor-element-populated\">\n\t\t\t\t\t\t\t\t<div class=\"elementor-element elementor-element-f7bfcd8 elementor-widget elementor-widget-text-editor\" data-id=\"f7bfcd8\" data-element_type=\"widget\" data-widget_type=\"text-editor.default\">\n\t\t\t\t<div class=\"elementor-widget-container\">\n\t\t\t\t\t\t\t<p style=\"font-size: 16px; font-style: normal; font-weight: 400;\"><strong>Une formation certifiante<\/strong><\/p><p style=\"font-size: 16px; font-style: normal; font-weight: 400;\">Cette formation pr\u00e9pare \u00e0 la certification \u201cD\u00e9velopper son activit\u00e9 avec le community management\u201d enregistr\u00e9e \u00e0 France Comp\u00e9tences sous le num\u00e9ro <a href=\"https:\/\/www.francecompetences.fr\/recherche\/rs\/6452\/\" target=\"_blank\" rel=\"noopener\">RS6452<\/a> par l\u2019organisme certificateur<a href=\"https:\/\/www.webmarketing-com.com\/\" target=\"_blank\" rel=\"noopener\"> Webmarketing &amp; co\u2019m<\/a>.\u00a0A l\u2019issue de la formation, le stagiaire s\u2019engage \u00e0 passer l\u2019examen pr\u00e9parant \u00e0 la certification.<\/p><p>\u00a0<\/p><p style=\"font-size: 16px; font-style: normal; font-weight: 400;\"><strong>Public cible :<\/strong> La formation et la certification s\u2019adressent \u00e0 un public de professionnels, dirigeants de petites entreprises et collaborateurs directs charg\u00e9s de la communication marketing, souhaitant mettre en place une strat\u00e9gie de community management en vue de d\u00e9velopper l\u2019activit\u00e9 de leur entreprise.<\/p><p>\u00a0<\/p><p style=\"font-size: 16px; font-style: normal; font-weight: 400;\"><strong>Pr\u00e9-requis :<\/strong> \u00catre utilisateur des r\u00e9seaux sociaux, avoir un projet de communication sur les r\u00e9seaux sociaux ainsi qu\u2019un an d\u2019exp\u00e9rience professionnelle. Utilisation d\u2019un ordinateur portable personnel.<\/p><p>\u00a0<\/p><p style=\"font-size: 16px; font-style: normal; font-weight: 400;\"><strong>Modalit\u00e9 d\u2019\u00e9valuation :<\/strong> mise en situation r\u00e9elle portant sur l\u2019\u00e9laboration d\u2019une strat\u00e9gie de community management avec remise de rapport et soutenance orale. Le candidat a 15 jours de pr\u00e9paration avant la remise de ses \u00e9crits.\u00a0<span style=\"background-color: var(--ast-global-color-5);\">L\u2019\u00e9crit est ensuite suivi\u00a0<\/span><span style=\"font-style: inherit; font-weight: inherit; color: var(--ast-global-color-3); background-color: var(--ast-global-color-5);\">d\u2019une pr\u00e9sentation orale de 20 minutes (par t\u00e9l\u00e9phone) avec un jury.<\/span><\/p><p style=\"font-size: 16px; font-style: normal; font-weight: 400;\"><strong>\u00a0<\/strong><\/p><p style=\"font-size: 16px; font-style: normal; font-weight: 400;\"><strong>Processus de candidature :<\/strong> afin de s\u2019inscrire \u00e0 la certification, le candidat devra transmettre son dossier de candidature accompagn\u00e9 d\u2019un CV (ou profil LinkedIn) \u00e0 jour.<\/p><p style=\"font-size: 16px; font-style: normal; font-weight: 400;\"><strong>\u00a0<\/strong><\/p><p style=\"font-size: 16px; font-style: normal; font-weight: 400;\"><strong>Le taux de r\u00e9ussite<\/strong> \u00e0 l\u2019examen des candidats ayant pr\u00e9par\u00e9 la certification \u201cD\u00e9velopper son activit\u00e9 avec le community management\u201d aupr\u00e8s de notre organisme de formation est de 100%.<\/p><p style=\"font-size: 16px; font-style: normal; font-weight: 400;\"><strong>\u00a0<\/strong><\/p><p data-path-to-node=\"5\"><b data-path-to-node=\"5\" data-index-in-node=\"0\">Validation de blocs de comp\u00e9tences, \u00e9quivalences et passerelles :<\/b> Cette certification \u00e9tant enregistr\u00e9e au R\u00e9pertoire Sp\u00e9cifique (RS6452), elle valide une comp\u00e9tence compl\u00e9mentaire et ne fait pas l&rsquo;objet d&rsquo;un d\u00e9coupage en blocs de comp\u00e9tences. Il n&rsquo;existe pas d&rsquo;\u00e9quivalences ou de passerelles directes d\u00e9finies avec d&rsquo;autres certifications.<\/p><p data-path-to-node=\"5\">\u00a0<\/p><p data-path-to-node=\"6\"><b data-path-to-node=\"6\" data-index-in-node=\"0\">Suites de parcours :<\/b> L&rsquo;obtention de cette certification peut permettre d&rsquo;int\u00e9grer des parcours de formation plus longs (titres RNCP) dans le domaine du marketing digital ou de la communication, ou de se sp\u00e9cialiser sur d&rsquo;autres leviers d&rsquo;acquisition (cr\u00e9ation de site web, publicit\u00e9 payante).<\/p><p data-path-to-node=\"6\">\u00a0<\/p><p data-path-to-node=\"7\"><b data-path-to-node=\"7\" data-index-in-node=\"0\">D\u00e9bouch\u00e9s :<\/b> Cette certification permet d&rsquo;internaliser efficacement la gestion des r\u00e9seaux sociaux pour sa propre structure, de faire \u00e9voluer ses missions en tant que collaborateur (vers des fonctions de charg\u00e9 de communication digitale), ou de lancer une activit\u00e9 ind\u00e9pendante int\u00e9grant des prestations de community management.<\/p><p data-path-to-node=\"7\">\u00a0<\/p><p style=\"font-size: 16px; font-style: normal; font-weight: 400;\"><strong>Adaptation des conditions d\u2019examen pour les personnes en situation de handicap : <\/strong>le r\u00e9f\u00e9rent handicap prendra en compte d\u00e8s l\u2019inscription du candidat sa situation de handicap, si celle-ci est mentionn\u00e9e. Il sera alors propos\u00e9 au candidat un entretien afin d\u2019envisager avec lui les am\u00e9nagements qui pourront \u00eatre apport\u00e9s.<\/p>\t\t\t\t\t\t<\/div>\n\t\t\t\t<\/div>\n\t\t\t\t\t<\/div>\n\t\t<\/div>\n\t\t\t\t\t\t\t<\/div>\n\t\t<\/section>\n\t\t\t\t\t\t<\/div>\n\t\t\t\t\t<\/div>\n\t\t","protected":false},"excerpt":{"rendered":"<p>\u2014 Des formations plus approfondies Nos formations traditionnelles [OFFRE DUO] D\u00e9velopper son activit\u00e9 avec le community management Dur\u00e9e de la formation \u203a 3 jours, soit 21 heures de formation Sessions sur 2026 \u203a Sessions \u00e0 d\u00e9finir selon nos disponibilit\u00e9s communes Horaires de formation \u203a de 9h00 \u00e0 12h30 \/\u00a013h30 \u00e0 17h00 Lieu de la formation &hellip;<\/p>\n<p class=\"read-more\"> <a class=\"\" href=\"https:\/\/soy-event.com\/index.php\/formation-community-management\/\"> <span class=\"screen-reader-text\">Formation Community Management<\/span> Lire la suite\u00a0\u00bb<\/a><\/p>\n","protected":false},"author":1,"featured_media":0,"parent":0,"menu_order":0,"comment_status":"closed","ping_status":"closed","template":"","meta":{"site-sidebar-layout":"no-sidebar","site-content-layout":"page-builder","ast-main-header-display":"","ast-hfb-above-header-display":"","ast-hfb-below-header-display":"","ast-hfb-mobile-header-display":"","site-post-title":"disabled","ast-breadcrumbs-content":"","ast-featured-img":"disabled","footer-sml-layout":"","theme-transparent-header-meta":"","adv-header-id-meta":"","stick-header-meta":"","header-above-stick-meta":"","header-main-stick-meta":"","header-below-stick-meta":"","spay_email":"","footnotes":""},"class_list":["post-1412","page","type-page","status-publish","hentry"],"yoast_head":"<!-- This site is optimized with the Yoast SEO plugin v18.3 - https:\/\/yoast.com\/wordpress\/plugins\/seo\/ -->\n<title>Formation Community Management - Soy Event &amp; Com Academy<\/title>\n<meta name=\"robots\" content=\"index, follow, max-snippet:-1, max-image-preview:large, max-video-preview:-1\" \/>\n<link rel=\"canonical\" href=\"https:\/\/soy-event.com\/index.php\/formation-community-management\/\" \/>\n<meta property=\"og:locale\" content=\"fr_FR\" \/>\n<meta property=\"og:type\" content=\"article\" \/>\n<meta property=\"og:title\" content=\"Formation Community Management - Soy Event &amp; Com Academy\" \/>\n<meta property=\"og:description\" content=\"\u2014 Des formations plus approfondies Nos formations traditionnelles [OFFRE DUO] D\u00e9velopper son activit\u00e9 avec le community management Dur\u00e9e de la formation \u203a 3 jours, soit 21 heures de formation Sessions sur 2026 \u203a Sessions \u00e0 d\u00e9finir selon nos disponibilit\u00e9s communes Horaires de formation \u203a de 9h00 \u00e0 12h30 \/\u00a013h30 \u00e0 17h00 Lieu de la formation &hellip; Formation Community Management Lire la suite\u00a0\u00bb\" \/>\n<meta property=\"og:url\" content=\"https:\/\/soy-event.com\/index.php\/formation-community-management\/\" \/>\n<meta property=\"og:site_name\" content=\"Soy Event &amp; Com Academy\" \/>\n<meta property=\"article:modified_time\" content=\"2026-04-26T19:46:37+00:00\" \/>\n<meta property=\"og:image\" content=\"https:\/\/s.w.org\/images\/core\/emoji\/17.0.2\/svg\/1f3af.svg\" \/>\n<meta name=\"twitter:card\" content=\"summary_large_image\" \/>\n<meta name=\"twitter:label1\" content=\"Dur\u00e9e de lecture estim\u00e9e\" \/>\n\t<meta name=\"twitter:data1\" content=\"5 minutes\" \/>\n<script type=\"application\/ld+json\" class=\"yoast-schema-graph\">{\"@context\":\"https:\/\/schema.org\",\"@graph\":[{\"@type\":\"WebSite\",\"@id\":\"https:\/\/soy-event.com\/#website\",\"url\":\"https:\/\/soy-event.com\/\",\"name\":\"Soy Event &amp; Com Academy\",\"description\":\"\",\"potentialAction\":[{\"@type\":\"SearchAction\",\"target\":{\"@type\":\"EntryPoint\",\"urlTemplate\":\"https:\/\/soy-event.com\/?s={search_term_string}\"},\"query-input\":\"required name=search_term_string\"}],\"inLanguage\":\"fr-FR\"},{\"@type\":\"ImageObject\",\"@id\":\"https:\/\/soy-event.com\/index.php\/formation-community-management\/#primaryimage\",\"inLanguage\":\"fr-FR\",\"url\":\"https:\/\/s.w.org\/images\/core\/emoji\/17.0.2\/svg\/1f3af.svg\",\"contentUrl\":\"https:\/\/s.w.org\/images\/core\/emoji\/17.0.2\/svg\/1f3af.svg\"},{\"@type\":\"WebPage\",\"@id\":\"https:\/\/soy-event.com\/index.php\/formation-community-management\/#webpage\",\"url\":\"https:\/\/soy-event.com\/index.php\/formation-community-management\/\",\"name\":\"Formation Community Management - Soy Event &amp; Com Academy\",\"isPartOf\":{\"@id\":\"https:\/\/soy-event.com\/#website\"},\"primaryImageOfPage\":{\"@id\":\"https:\/\/soy-event.com\/index.php\/formation-community-management\/#primaryimage\"},\"datePublished\":\"2024-09-10T08:49:29+00:00\",\"dateModified\":\"2026-04-26T19:46:37+00:00\",\"breadcrumb\":{\"@id\":\"https:\/\/soy-event.com\/index.php\/formation-community-management\/#breadcrumb\"},\"inLanguage\":\"fr-FR\",\"potentialAction\":[{\"@type\":\"ReadAction\",\"target\":[\"https:\/\/soy-event.com\/index.php\/formation-community-management\/\"]}]},{\"@type\":\"BreadcrumbList\",\"@id\":\"https:\/\/soy-event.com\/index.php\/formation-community-management\/#breadcrumb\",\"itemListElement\":[{\"@type\":\"ListItem\",\"position\":1,\"name\":\"Accueil\",\"item\":\"https:\/\/soy-event.com\/\"},{\"@type\":\"ListItem\",\"position\":2,\"name\":\"Formation Community Management\"}]}]}<\/script>\n<!-- \/ Yoast SEO plugin. -->","yoast_head_json":{"title":"Formation Community Management - Soy Event &amp; Com Academy","robots":{"index":"index","follow":"follow","max-snippet":"max-snippet:-1","max-image-preview":"max-image-preview:large","max-video-preview":"max-video-preview:-1"},"canonical":"https:\/\/soy-event.com\/index.php\/formation-community-management\/","og_locale":"fr_FR","og_type":"article","og_title":"Formation Community Management - Soy Event &amp; Com Academy","og_description":"\u2014 Des formations plus approfondies Nos formations traditionnelles [OFFRE DUO] D\u00e9velopper son activit\u00e9 avec le community management Dur\u00e9e de la formation \u203a 3 jours, soit 21 heures de formation Sessions sur 2026 \u203a Sessions \u00e0 d\u00e9finir selon nos disponibilit\u00e9s communes Horaires de formation \u203a de 9h00 \u00e0 12h30 \/\u00a013h30 \u00e0 17h00 Lieu de la formation &hellip; Formation Community Management Lire la suite\u00a0\u00bb","og_url":"https:\/\/soy-event.com\/index.php\/formation-community-management\/","og_site_name":"Soy Event &amp; Com Academy","article_modified_time":"2026-04-26T19:46:37+00:00","og_image":[{"url":"https:\/\/s.w.org\/images\/core\/emoji\/17.0.2\/svg\/1f3af.svg"}],"twitter_card":"summary_large_image","twitter_misc":{"Dur\u00e9e de lecture estim\u00e9e":"5 minutes"},"schema":{"@context":"https:\/\/schema.org","@graph":[{"@type":"WebSite","@id":"https:\/\/soy-event.com\/#website","url":"https:\/\/soy-event.com\/","name":"Soy Event &amp; Com Academy","description":"","potentialAction":[{"@type":"SearchAction","target":{"@type":"EntryPoint","urlTemplate":"https:\/\/soy-event.com\/?s={search_term_string}"},"query-input":"required name=search_term_string"}],"inLanguage":"fr-FR"},{"@type":"ImageObject","@id":"https:\/\/soy-event.com\/index.php\/formation-community-management\/#primaryimage","inLanguage":"fr-FR","url":"https:\/\/s.w.org\/images\/core\/emoji\/17.0.2\/svg\/1f3af.svg","contentUrl":"https:\/\/s.w.org\/images\/core\/emoji\/17.0.2\/svg\/1f3af.svg"},{"@type":"WebPage","@id":"https:\/\/soy-event.com\/index.php\/formation-community-management\/#webpage","url":"https:\/\/soy-event.com\/index.php\/formation-community-management\/","name":"Formation Community Management - Soy Event &amp; Com Academy","isPartOf":{"@id":"https:\/\/soy-event.com\/#website"},"primaryImageOfPage":{"@id":"https:\/\/soy-event.com\/index.php\/formation-community-management\/#primaryimage"},"datePublished":"2024-09-10T08:49:29+00:00","dateModified":"2026-04-26T19:46:37+00:00","breadcrumb":{"@id":"https:\/\/soy-event.com\/index.php\/formation-community-management\/#breadcrumb"},"inLanguage":"fr-FR","potentialAction":[{"@type":"ReadAction","target":["https:\/\/soy-event.com\/index.php\/formation-community-management\/"]}]},{"@type":"BreadcrumbList","@id":"https:\/\/soy-event.com\/index.php\/formation-community-management\/#breadcrumb","itemListElement":[{"@type":"ListItem","position":1,"name":"Accueil","item":"https:\/\/soy-event.com\/"},{"@type":"ListItem","position":2,"name":"Formation Community Management"}]}]}},"jetpack-related-posts":[{"id":1075,"url":"https:\/\/soy-event.com\/","url_meta":{"origin":1412,"position":0},"title":"Formations marketing digital, \u00e9v\u00e9nementiel, \u00e0 Toulouse","date":"16 f\u00e9vrier 2021","format":false,"excerpt":"Soy Event est un organisme de formation certifi\u00e9 Qualiopi, sp\u00e9cialis\u00e9 dans la communication et le digital. Nous aidons les artisans, cr\u00e9ateurs, commer\u00e7ants, ind\u00e9pendants et petites entreprises \u00e0 gagner en visibilit\u00e9, \u00e0 d\u00e9velopper leur activit\u00e9, sans y passer des heures. Offre sp\u00e9ciale : profitez du Pack Expresso+ : 100 % finan\u00e7able\u2026","rel":"","context":"Article similaire","img":{"alt_text":"","src":"https:\/\/i0.wp.com\/soy-event.com\/wp-content\/uploads\/2025\/09\/artisane-format-vertical-683x1024.png?resize=350%2C200&ssl=1","width":350,"height":200},"classes":[]},{"id":654,"url":"https:\/\/soy-event.com\/index.php\/formation-marketing-digital-2\/","url_meta":{"origin":1412,"position":1},"title":"Formation Webmarketing","date":"20 f\u00e9vrier 2021","format":false,"excerpt":"\u2014 Nos formations D\u00e9velopper son activit\u00e9 avec le webmarketing Une formation compl\u00e8te et dynamique Dur\u00e9e de la formation 5 jours, soit 35 heures de formation Sessions sur 2023 \u203a du 20 au 28 mars 2023\u203a du 18 au 26 septembre 2023\u203a du 13 au 21 novembre 2023 Calendrier de la\u2026","rel":"","context":"Article similaire","img":{"alt_text":"","src":"","width":0,"height":0},"classes":[]},{"id":1712,"url":"https:\/\/soy-event.com\/index.php\/expresso-formation-canva\/","url_meta":{"origin":1412,"position":2},"title":"Expresso Formation &#8211; Canva","date":"6 mars 2025","format":false,"excerpt":"\u2014 Pas de temps \u00e0 perdre... Les Expresso Formations Canva Express : cr\u00e9ez des visuels percutants en un temps record Flyers, r\u00e9seaux sociaux, newsletters, logos : cr\u00e9ez des visuels professionnels en quelques clics, m\u00eame sans aucune connaissance en design. Date et horaires de la formation \u203a Date \u00e0 venir, de\u2026","rel":"","context":"Article similaire","img":{"alt_text":"","src":"","width":0,"height":0},"classes":[]},{"id":1735,"url":"https:\/\/soy-event.com\/index.php\/expresso-formation-capcut\/","url_meta":{"origin":1412,"position":3},"title":"Expresso Formation &#8211; Capcut","date":"6 mars 2025","format":false,"excerpt":"\u2014 Pas de temps \u00e0 perdre... Les Expresso Formations CapCut facile : montez des vid\u00e9os courtes percutantes pour les r\u00e9seaux Aucun besoin d\u2019\u00eatre un expert ! En une matin\u00e9e, apprenez \u00e0 monter facilement des vid\u00e9os courtes et engageantes sur CapCut, pour Instagram, TikTok ou autres. Date et horaires de la\u2026","rel":"","context":"Article similaire","img":{"alt_text":"","src":"","width":0,"height":0},"classes":[]},{"id":1686,"url":"https:\/\/soy-event.com\/index.php\/expresso-formation-instagram\/","url_meta":{"origin":1412,"position":4},"title":"Expresso Formation &#8211; Instagram","date":"6 mars 2025","format":false,"excerpt":"\u2014 Pas de temps \u00e0 perdre... Les Expresso Formations Instagram : ma\u00eetrisez les bases et cr\u00e9ez du contenu qui fait la diff\u00e9rence En une matin\u00e9e, ma\u00eetrisez les codes de la star des r\u00e9seaux sociaux, apprenez \u00e0 cr\u00e9er du contenu engageant et faites grandir votre audience. Date et horaires de la\u2026","rel":"","context":"Article similaire","img":{"alt_text":"","src":"","width":0,"height":0},"classes":[]},{"id":1702,"url":"https:\/\/soy-event.com\/index.php\/expresso-formation-emailing\/","url_meta":{"origin":1412,"position":5},"title":"Expresso Formation &#8211; Emailing","date":"6 mars 2025","format":false,"excerpt":"\u2014 Pas de temps \u00e0 perdre... Les Expresso Formations L\u2019emailing, le levier webmarketing le plus efficace : ne d\u00e9pendez plus des r\u00e9seaux sociaux ! Apprenez \u00e0 construire, structurer et automatiser vos campagnes pour en faire votre outil le plus rentable. Date et horaires de la formation \u203a Date \u00e0 venir,\u2026","rel":"","context":"Article similaire","img":{"alt_text":"","src":"","width":0,"height":0},"classes":[]}],"_links":{"self":[{"href":"https:\/\/soy-event.com\/index.php\/wp-json\/wp\/v2\/pages\/1412","targetHints":{"allow":["GET"]}}],"collection":[{"href":"https:\/\/soy-event.com\/index.php\/wp-json\/wp\/v2\/pages"}],"about":[{"href":"https:\/\/soy-event.com\/index.php\/wp-json\/wp\/v2\/types\/page"}],"author":[{"embeddable":true,"href":"https:\/\/soy-event.com\/index.php\/wp-json\/wp\/v2\/users\/1"}],"replies":[{"embeddable":true,"href":"https:\/\/soy-event.com\/index.php\/wp-json\/wp\/v2\/comments?post=1412"}],"version-history":[{"count":137,"href":"https:\/\/soy-event.com\/index.php\/wp-json\/wp\/v2\/pages\/1412\/revisions"}],"predecessor-version":[{"id":2321,"href":"https:\/\/soy-event.com\/index.php\/wp-json\/wp\/v2\/pages\/1412\/revisions\/2321"}],"wp:attachment":[{"href":"https:\/\/soy-event.com\/index.php\/wp-json\/wp\/v2\/media?parent=1412"}],"curies":[{"name":"wp","href":"https:\/\/api.w.org\/{rel}","templated":true}]}}